{"id":2756,"date":"2023-06-14T17:58:57","date_gmt":"2023-06-14T14:58:57","guid":{"rendered":"http:\/\/styleleather.com.tr\/?page_id=2756"},"modified":"2026-08-11T12:15:58","modified_gmt":"2026-08-11T09:15:58","slug":"datenschutzrichtlinie-2","status":"publish","type":"page","link":"https:\/\/test.styleleather.com.tr\/de\/kisisel-veriler-politikasi\/","title":{"rendered":"Datenschutzrichtlinie und Datenverarbeitungsrichtlinie"},"content":{"rendered":"<h4 id=\"1-kvkk-hakkinda-genel-bilgilendirme\" class=\"wp-block-heading\">1. Allgemeine Informationen zum Gesetz zum Schutz personenbezogener Daten (KVKK)<\/h4>\n\n\n\n<p class=\"wp-block-paragraph\">Das Gesetz Nr. 6698 zum Schutz personenbezogener Daten (nachfolgend KVKK genannt) wurde am 24. M\u00e4rz 2016 verabschiedet und im Amtsblatt Nr. 29677 vom 7. April 2016 ver\u00f6ffentlicht. Diese Richtlinie erl\u00e4utert, wie Ihre Daten im Rahmen unserer Gesch\u00e4ftst\u00e4tigkeit (B2B-Gro\u00dfhandel und Export) verarbeitet werden.<\/p>\n\n\n\n<h4 id=\"2-veri-sorumlusu-sifatiyla-bilgilendirme\" class=\"wp-block-heading\">2. Informationen als Datenverantwortlicher<\/h4>\n\n\n\n<p class=\"wp-block-paragraph\">Gem\u00e4\u00df dem franz\u00f6sischen Datenschutzgesetz Nr. 6698 (KVKK) und als Verantwortlicher f\u00fcr die Datenverarbeitung (G\u00fcner Polat \u2013 Style Leather) werden die von Ihnen mitgeteilten Unternehmens-, Bevollm\u00e4chtigten- und Einzelunternehmensinformationen in unseren E-Rechnungs-\/E-Archiv- und Logistiksystemen erfasst, gespeichert, aktualisiert und gegebenenfalls an Dritte weitergegeben, sofern dies gesetzlich vorgeschrieben ist.<\/p>\n\n\n\n<h4 id=\"3-verilerinizin-islenme-amaclari-ve-hukuki-sebepleri\" class=\"wp-block-heading\">3. Zwecke und Rechtsgrundlagen f\u00fcr die Verarbeitung Ihrer Daten<\/h4>\n\n\n\n<p class=\"wp-block-paragraph\">Die von Ihnen mitgeteilten gesch\u00e4ftlichen und pers\u00f6nlichen Daten;<br>\u2022 Erf\u00fcllung der Anforderungen des Gro\u00dfhandelseinkaufs, Steuerung auftragsspezifischer Produktionsprozesse (B2B) und Sicherstellung der operativen Kommunikation.,<br>\u2022 Ausstellung von elektronischen Rechnungen, elektronischen Archiven und Lieferscheinen gem\u00e4\u00df dem Steuerverfahrensgesetz Nr. 213 (VUK) und dem t\u00fcrkischen Handelsgesetzbuch Nr. 6102 (TTK),<br>\u2022 Einhaltung der internationalen Logistik- und Zollbestimmungen f\u00fcr Mikroexporte (ETGB) und der Zollabfertigungsverfahren.,<br>\u2022 Die Daten werden verarbeitet, um die rechtlichen \u00dcberpr\u00fcfungs- und Registrierungsprozesse innerhalb der Infrastruktur der Bank- und Zahlungssysteme abzuschlie\u00dfen.<\/p>\n\n\n\n<h4 id=\"4-verilerinizin-aktarilabilecegi-kisi-ve-kuruluslar\" class=\"wp-block-heading\">4. Personen und Organisationen, an die Ihre Daten \u00fcbermittelt werden k\u00f6nnen<\/h4>\n\n\n\n<p class=\"wp-block-paragraph\">F\u00fcr die oben genannten kommerziellen und betrieblichen Zwecke werden Ihre Daten verwendet;<br>\u2022 F\u00fcr die Auftragsabwicklung und die Durchf\u00fchrung der ETGB-Verfahren (Elektronische Zollanmeldung) nutzen wir Speditions-, Kurier- und internationale Logistikunternehmen (DHL, UPS, FedEx usw.).,<br>\u2022 Zur Durchf\u00fchrung von Finanzprozessen werden wir Dienstleistungen f\u00fcr E-Rechnungs-Integratoren, Finanzberater und Zollbeh\u00f6rden erbringen.,<br>\u2022 Bei Rechtsstreitigkeiten kann es auf Antrag an offizielle Beh\u00f6rden und Justizorgane weitergeleitet werden.<\/p>\n\n\n\n<h4 id=\"5-verilerinizin-toplanma-sekli\" class=\"wp-block-heading\">5. Wie Ihre Daten erfasst werden<\/h4>\n\n\n\n<p class=\"wp-block-paragraph\">Ihre Daten werden elektronisch \u00fcber Gro\u00dfhandelsmitgliedschaftsantr\u00e4ge und Bestellformulare auf unserer Website erfasst. Zu den erfassten Daten geh\u00f6ren Firmenname, Finanzamt, Steueridentifikationsnummer (TIN), t\u00fcrkische Personenkennziffer (TCKN) f\u00fcr Einzelunternehmen, Lieferadressen und autorisierte Kontaktdaten.<\/p>\n\n\n\n<h4 id=\"6-verilerinizin-yurtdisina-aktarilmasi\" class=\"wp-block-heading\">6. Daten\u00fcbertragung ins Ausland<\/h4>\n\n\n\n<p class=\"wp-block-paragraph\">Bei Bestellungen von au\u00dferhalb der T\u00fcrkei oder bei Nutzung von Cloud-Infrastruktur-\/Zahlungsgateway-Diensten aus dem Ausland k\u00f6nnen Ihre Daten an im Ausland ans\u00e4ssige Dienstleister \u00fcbermittelt werden, sofern diese mit dem t\u00fcrkischen Datenschutzgesetz (KVKK) im Einklang stehen und die Erf\u00fcllung der Bestellung gew\u00e4hrleisten.<\/p>\n\n\n\n<h4 id=\"7-kvkk-kapsaminda-veri-sahibinin-haklari\" class=\"wp-block-heading\">7. Rechte der betroffenen Personen gem\u00e4\u00df dem Gesetz zum Schutz personenbezogener Daten (KVKK)<\/h4>\n\n\n\n<p class=\"wp-block-paragraph\">Gem\u00e4\u00df Artikel 11 des KVKK (Gesetz zum Schutz personenbezogener Daten) als betroffene Person;<br>\u2022 Um herauszufinden, ob Ihre personenbezogenen Daten verarbeitet werden, und um gegebenenfalls Auskunft dar\u00fcber zu erhalten, ob sie verarbeitet werden,<br>\u2022 Sie k\u00f6nnen eine Berichtigung beantragen, falls Ihre Daten unvollst\u00e4ndig oder fehlerhaft verarbeitet wurden.,<br>\u2022 Sie haben das Recht, die L\u00f6schung oder Vernichtung von Daten im Rahmen der gesetzlich festgelegten Bedingungen zu verlangen.<\/p>\n\n\n\n<p class=\"wp-block-paragraph\">Sie k\u00f6nnen Ihre Anfragen zu diesem Thema an den Verantwortlichen f\u00fcr die Datenverarbeitung, G\u00fcner Polat (Style Leather), \u00fcber die folgenden Kommunikationskan\u00e4le richten:<br><strong>E-Mail:<\/strong> info@styleleather.com.tr<br><strong>Telefon:<\/strong> 0850 307 66 33<br><strong>KAPPE:<\/strong> guner.polat@hs01.kep.tr<\/p>","protected":false},"excerpt":{"rendered":"<p>1. KVKK Hakk\u0131nda Genel Bilgilendirme 6698 Say\u0131l\u0131 Ki\u015fisel Verilerin Korunmas\u0131 Kanunu (bundan sonra KVKK olarak an\u0131lacakt\u0131r) 24 Mart 2016 tarihinde kabul edilmi\u015f, 7 Nisan 2016 tarihli 29677 say\u0131l\u0131 Resmi Gazete\u2019de yay\u0131nlanm\u0131\u015ft\u0131r. Bu Politika, ticari faaliyetlerimiz (B2B toptan sat\u0131\u015f ve ihracat) kapsam\u0131nda verilerinizin nas\u0131l i\u015flendi\u011fini a\u00e7\u0131klamaktad\u0131r. 2. Veri Sorumlusu S\u0131fat\u0131yla Bilgilendirme 6698 say\u0131l\u0131 KVKK uyar\u0131nca ve [&hellip;]<\/p>\n","protected":false},"author":1,"featured_media":0,"parent":0,"menu_order":0,"comment_status":"closed","ping_status":"closed","template":"","meta":{"_gspb_post_css":"","footnotes":""},"class_list":["post-2756","page","type-page","status-publish","hentry"],"blocksy_meta":{"styles_descriptor":{"styles":{"desktop":"","tablet":"","mobile":""},"google_fonts":[],"version":7}},"_links":{"self":[{"href":"https:\/\/test.styleleather.com.tr\/de\/wp-json\/wp\/v2\/pages\/2756","targetHints":{"allow":["GET"]}}],"collection":[{"href":"https:\/\/test.styleleather.com.tr\/de\/wp-json\/wp\/v2\/pages"}],"about":[{"href":"https:\/\/test.styleleather.com.tr\/de\/wp-json\/wp\/v2\/types\/page"}],"author":[{"embeddable":true,"href":"https:\/\/test.styleleather.com.tr\/de\/wp-json\/wp\/v2\/users\/1"}],"replies":[{"embeddable":true,"href":"https:\/\/test.styleleather.com.tr\/de\/wp-json\/wp\/v2\/comments?post=2756"}],"version-history":[{"count":4,"href":"https:\/\/test.styleleather.com.tr\/de\/wp-json\/wp\/v2\/pages\/2756\/revisions"}],"predecessor-version":[{"id":19158,"href":"https:\/\/test.styleleather.com.tr\/de\/wp-json\/wp\/v2\/pages\/2756\/revisions\/19158"}],"wp:attachment":[{"href":"https:\/\/test.styleleather.com.tr\/de\/wp-json\/wp\/v2\/media?parent=2756"}],"curies":[{"name":"wp","href":"https:\/\/api.w.org\/{rel}","templated":true}]}}