{"id":3,"date":"2023-05-02T13:27:54","date_gmt":"2023-05-02T13:27:54","guid":{"rendered":"http:\/\/styleleather.com.tr\/yeni\/?page_id=3"},"modified":"2026-08-11T14:09:35","modified_gmt":"2026-08-11T11:09:35","slug":"politica-de-privacidade","status":"publish","type":"page","link":"https:\/\/test.styleleather.com.tr\/pt\/gizlilik-politikasi\/","title":{"rendered":"Pol\u00edtica de Privacidade e Cookies"},"content":{"rendered":"<h4 id=\"1-biz-kimiz-ve-amacimiz\" class=\"wp-block-heading\">1. Quem somos e qual \u00e9 o nosso prop\u00f3sito<\/h4>\n\n\n\n<p class=\"wp-block-paragraph\">O endere\u00e7o do nosso site \u00e9: <strong>http:\/\/styleleather.com.tr<\/strong>. Em nossa plataforma, que realiza atividades de fabrica\u00e7\u00e3o e venda por atacado (B2B), garantir a seguran\u00e7a dos dados de nossos parceiros comerciais e clientes corporativos \u00e9 nossa principal prioridade. Esta pol\u00edtica explica como os dados coletados durante o uso de nossa plataforma s\u00e3o protegidos.<\/p>\n\n\n\n<h4 id=\"2-hangi-verileri-topluyoruz\" class=\"wp-block-heading\">2. Que dados coletamos?<\/h4>\n\n\n\n<p class=\"wp-block-paragraph\"><strong>Com\u00e9rcio eletr\u00f4nico e dados de pedidos:<\/strong> Ao efetuar uma encomenda, as suas informa\u00e7\u00f5es de fatura\u00e7\u00e3o (nome da empresa, n\u00famero de identifica\u00e7\u00e3o fiscal\/n\u00famero de identifica\u00e7\u00e3o nacional, entidade fiscal), morada de entrega, endere\u00e7o de correio eletr\u00f3nico e n\u00famero de telefone s\u00e3o recolhidas para efeitos de realiza\u00e7\u00e3o da transa\u00e7\u00e3o.<br><strong>Dados do sistema e de seguran\u00e7a:<\/strong> Para prevenir fraudes e pedidos de spam e para garantir a seguran\u00e7a do servidor (infraestrutura da Hetzner), os endere\u00e7os IP dos visitantes e as sequ\u00eancias de agentes de usu\u00e1rio do navegador s\u00e3o registrados automaticamente.<\/p>\n\n\n\n<h4 id=\"3-cerezler-cookies-ve-woocommerce-entegrasyonu\" class=\"wp-block-heading\">3. Cookies e integra\u00e7\u00e3o com o WooCommerce<\/h4>\n\n\n\n<p class=\"wp-block-paragraph\">Nosso sistema utiliza os seguintes cookies essenciais para garantir uma experi\u00eancia de compra por atacado perfeita:<\/p>\n\n\n\n<ul class=\"wp-block-list\">\n<li><strong>Cookies de sess\u00e3o:<\/strong> Ao fazer login na sua conta de atacadista, voc\u00ea \u00e9 automaticamente mantido conectado. Esse per\u00edodo \u00e9 estendido se voc\u00ea usar a op\u00e7\u00e3o &quot;Lembrar-me&quot; e \u00e9 apagado ao fazer logout.<\/li>\n\n\n\n<li><strong>Cookies do carrinho de compras (WooCommerce):<\/strong> Para garantir que os produtos adicionados ao seu carrinho (SKU, variante, quantidade) n\u00e3o sejam perdidos e sejam transferidos integralmente para a p\u00e1gina de pagamento, esses cookies s\u00e3o armazenados no seu navegador por 2 dias. Esses cookies n\u00e3o cont\u00eam dados pessoais.<\/li>\n\n\n\n<li><strong>Cookies tempor\u00e1rios:<\/strong> Esses s\u00e3o cookies tempor\u00e1rios definidos para testar se o seu navegador aceita cookies; eles s\u00e3o exclu\u00eddos quando o navegador \u00e9 fechado.<\/li>\n<\/ul>\n\n\n\n<h4 id=\"4-verilerinizi-kimlerle-paylasiyoruz\" class=\"wp-block-heading\">4. Com quem compartilhamos seus dados?<\/h4>\n\n\n\n<p class=\"wp-block-paragraph\">Para concluir o processo de pedido, seus dados ser\u00e3o compartilhados apenas com as partes interessadas essenciais da empresa:<br>\u2022 <strong>Carga e log\u00edstica internacional:<\/strong> Para microexporta\u00e7\u00f5es (ETGB) e envios dom\u00e9sticos, seu endere\u00e7o de entrega e informa\u00e7\u00f5es de contato ser\u00e3o compartilhados com as transportadoras relevantes (DHL, UPS, FedEx, etc.).<br>\u2022 <strong>Transa\u00e7\u00f5es financeiras:<\/strong> Para os processos de emiss\u00e3o de faturas eletr\u00f4nicas\/arquivos eletr\u00f4nicos, as informa\u00e7\u00f5es da sua fatura s\u00e3o compartilhadas com empresas integradoras e escrit\u00f3rios de contabilidade.<br>\u2022 <strong>Viola\u00e7\u00f5es de seguran\u00e7a:<\/strong> Se voc\u00ea solicitar uma redefini\u00e7\u00e3o de senha, seu endere\u00e7o IP ser\u00e1 inclu\u00eddo no e-mail de redefini\u00e7\u00e3o por motivos de seguran\u00e7a.<\/p>\n\n\n\n<h4 id=\"5-verilerinizi-ne-kadar-sureyle-sakliyoruz\" class=\"wp-block-heading\">5. Por quanto tempo armazenamos seus dados?<\/h4>\n\n\n\n<p class=\"wp-block-paragraph\">As informa\u00e7\u00f5es do perfil comercial fornecidas pelos nossos clientes atacadistas B2B que se cadastram em nossa plataforma s\u00e3o armazenadas indefinidamente no sistema. Todos os usu\u00e1rios podem visualizar e editar suas informa\u00e7\u00f5es (exceto o nome de usu\u00e1rio) a qualquer momento em seus pain\u00e9is de conta (\u201cMinha Conta\u201d). Al\u00e9m disso, de acordo com o C\u00f3digo Comercial Turco (TTK) e a Lei de Procedimento Tribut\u00e1rio (VUK), as faturas eletr\u00f4nicas e os registros de transa\u00e7\u00f5es comerciais gerados s\u00e3o legalmente exigidos. <strong>10 anos<\/strong> Ele \u00e9 mantido em nossos arquivos seguros durante todo o per\u00edodo em que estiver em seguran\u00e7a.<\/p>\n\n\n\n<h4 id=\"6-verileriniz-uzerindeki-haklariniz\" class=\"wp-block-heading\">6. Seus direitos em rela\u00e7\u00e3o aos seus dados<\/h4>\n\n\n\n<p class=\"wp-block-paragraph\">Se voc\u00ea possui uma conta de atacadista ou j\u00e1 realizou pedidos em nossa plataforma, pode solicitar um arquivo exportado com os dados pessoais\/comerciais que mantemos sobre voc\u00ea. Tamb\u00e9m podemos reter esses dados para fins administrativos, legais (faturamento) ou de seguran\u00e7a. <strong>exceto pelos registros legais que somos obrigados a manter.<\/strong>, Voc\u00ea pode solicitar a exclus\u00e3o de todos os seus outros dados. Informa\u00e7\u00f5es detalhadas sobre o processo podem ser encontradas na &quot;Pol\u00edtica de Dados Pessoais (KVKK)&quot;, localizada na parte inferior da nossa p\u00e1gina.<\/p>","protected":false},"excerpt":{"rendered":"<p>1. Biz Kimiz ve Amac\u0131m\u0131z Web sitesi adresimiz: http:\/\/styleleather.com.tr. Toptan (B2B) \u00fcretim ve sat\u0131\u015f faaliyetleri y\u00fcr\u00fcten platformumuzda, ticari ortaklar\u0131m\u0131z\u0131n ve kurumsal m\u00fc\u015fterilerimizin veri g\u00fcvenli\u011fini sa\u011flamak en b\u00fcy\u00fck \u00f6nceli\u011fimizdir. Bu politika, platformumuzu kullan\u0131rken toplanan verilerin nas\u0131l korundu\u011funu a\u00e7\u0131klar. 2. Hangi Verileri Topluyoruz? E-Ticaret ve Sipari\u015f Verileri: Sipari\u015f olu\u015fturdu\u011funuzda, ticari faaliyetlerin ifas\u0131 i\u00e7in fatura bilgileriniz (Firma Unvan\u0131, [&hellip;]<\/p>\n","protected":false},"author":1,"featured_media":0,"parent":0,"menu_order":0,"comment_status":"closed","ping_status":"closed","template":"","meta":{"_gspb_post_css":"","footnotes":""},"class_list":["post-3","page","type-page","status-publish","hentry"],"blocksy_meta":{"styles_descriptor":{"styles":{"desktop":"","tablet":"","mobile":""},"google_fonts":[],"version":7}},"_links":{"self":[{"href":"https:\/\/test.styleleather.com.tr\/pt\/wp-json\/wp\/v2\/pages\/3","targetHints":{"allow":["GET"]}}],"collection":[{"href":"https:\/\/test.styleleather.com.tr\/pt\/wp-json\/wp\/v2\/pages"}],"about":[{"href":"https:\/\/test.styleleather.com.tr\/pt\/wp-json\/wp\/v2\/types\/page"}],"author":[{"embeddable":true,"href":"https:\/\/test.styleleather.com.tr\/pt\/wp-json\/wp\/v2\/users\/1"}],"replies":[{"embeddable":true,"href":"https:\/\/test.styleleather.com.tr\/pt\/wp-json\/wp\/v2\/comments?post=3"}],"version-history":[{"count":5,"href":"https:\/\/test.styleleather.com.tr\/pt\/wp-json\/wp\/v2\/pages\/3\/revisions"}],"predecessor-version":[{"id":19160,"href":"https:\/\/test.styleleather.com.tr\/pt\/wp-json\/wp\/v2\/pages\/3\/revisions\/19160"}],"wp:attachment":[{"href":"https:\/\/test.styleleather.com.tr\/pt\/wp-json\/wp\/v2\/media?parent=3"}],"curies":[{"name":"wp","href":"https:\/\/api.w.org\/{rel}","templated":true}]}}